{"id":1562,"date":"2022-04-22T10:39:52","date_gmt":"2022-04-22T10:39:52","guid":{"rendered":"https:\/\/frauke-kuhlus.de\/?page_id=1562"},"modified":"2022-04-22T10:46:04","modified_gmt":"2022-04-22T10:46:04","slug":"datenschutzerklaerung","status":"publish","type":"page","link":"https:\/\/frauke-kuhlus.de\/index.php\/datenschutzerklaerung\/","title":{"rendered":"Datenschutzerkl\u00e4rung"},"content":{"rendered":"\n<p>Mit dieser Datenschutzerkl\u00e4rung m\u00f6chten wir Sie \u00fcber Art, Umfang und Zweck der Verarbeitung von personenbezogenen Daten (im Folgenden auch nur als &#8222;Daten&#8220; bezeichnet) aufkl\u00e4ren. Personenbezogene Daten sind alle Daten, die einen pers\u00f6nlichen Bezug zu Ihnen aufweisen, z. B. Name, Adresse, E-Mail-Adresse oder Ihr Nutzerverhalten. Die Datenschutzerkl\u00e4rung gilt f\u00fcr alle von uns vorgenommene Daten-Verarbeitungsvorg\u00e4nge sowohl im Rahmen unserer Kernt\u00e4tigkeit als auch f\u00fcr die von uns vorgehaltenen Online-Medien.<\/p>\n\n\n\n<h2 class=\"wp-block-heading\">Wer bei uns f\u00fcr die Datenverarbeitung verantwortlich ist<\/h2>\n\n\n\n<p>Verantwortlich f\u00fcr die Datenverarbeitung ist:<\/p>\n\n\n\n<p>Frauke Kuhlus<br>Frauke Kuhlus<br>Lahnstrasse 31-34<br>45478 M\u00fclheim an der Ruhr<br>Deutschland<br>+49 1578 2974278<br>kontakt@frauke-kuhlus.de<br>https:\/\/frauke-kuhlus.de\/index.php\/impressum\/<\/p>\n\n\n\n<h2 class=\"wp-block-heading\">Verarbeitung Ihrer Daten im Rahmen der von uns erbrachten therapeutischen Dienstleistungen<\/h2>\n\n\n\n<p>Sofern Sie unser Kunde oder Gesch\u00e4ftspartner sind oder sich f\u00fcr unsere Leistungen interessieren, richtet sich Art, Umfang und Zweck der Verarbeitung Ihrer Daten nach dem zwischen uns bestehenden vertraglichen bzw. vorvertraglichen Beziehungen. In diesem Sinne geh\u00f6ren zu den von uns verarbeiteten Daten all diejenigen Daten, die zum Zwecke der Inanspruchnahme der vertraglichen bzw. vorvertraglichen Leistungen durch Sie bereitgestellt werden bzw. wurden und die zur Abwicklung Ihrer Anfrage oder des zwischen uns geschlossenen Vertrages ben\u00f6tigt werden. Sofern sich aus den weiteren Hinweisen dieser Datenschutzerkl\u00e4rung nichts anderes ergibt, beschr\u00e4nkt sich die Verarbeitung Ihrer Daten sowie deren Weitergabe an Dritte auf diejenigen Daten, die zur Beantwortung Ihrer Anfragen und\/oder zur Erf\u00fcllung des zwischen Ihnen und uns geschlossenen Vertrages, zur Wahrung unserer Rechte sowie zur Erf\u00fcllung gesetzlicher Pflichten erforderlich und zweckm\u00e4\u00dfig sind. Welche Daten hierf\u00fcr erforderlich sind, teilen wir Ihnen vor oder im Rahmen der Datenerhebung mit. Soweit wir zur Erbringung unserer Leistungen Drittanbieter einsetzen, gelten die Datenschutzhinweise der jeweiligen Drittanbieter.<\/p>\n\n\n\n<p><strong>Besondere Kategorien von Daten<\/strong><\/p>\n\n\n\n<p>Sofern Sie bei uns Patient sind oder bei uns eine Anfrage stellen, weil Sie sich f\u00fcr die von uns angebotenen Gesundheitsleistungen interessieren, sind von der Datenverarbeitung m\u00f6glicherweise auch sogenannte besondere Kategorien von Daten betroffen. Hierzu geh\u00f6ren insbesondere Angaben zur Ihrer Gesundheit, ggf. mit Bezug zu Ihrem Sexualleben oder Ihrer sexuellen Orientierung, genetische sowie biometrische Angaben, sowie Angaben, aus denen sich Ihre rassische bzw. ethnische Herkunft ergibt (Art. 9 Abs. 1 DSGVO). Diese Daten verarbeiten wir ausschlie\u00dflich zu Zwecken Ihrer gesundheitlichen Vorsorge oder zum Schutz Ihrer lebensnotwendigen Interessen. Ben\u00f6tigen wir die eben genannten Angaben f\u00fcr weitere als die eben genannten Zwecke (Gesundheitsvorsorge, Schutz lebensnotwendiger Interessen), informieren wir Sie hier\u00fcber, bevor wir diese Daten verarbeiten, ausf\u00fchrlich und holen anschlie\u00dfend Ihre ausdr\u00fcckliche Einwilligung ein.&nbsp;&nbsp;<\/p>\n\n\n\n<p>Sofern es zur Erf\u00fcllung des zwischen uns geschlossenen Vertrages, zum Schutz Ihrer lebensnotwendigen Interessen oder wegen gesetzlicher Vorgaben erforderlich ist, \u00fcbermitteln wir Ihre Daten unter Beachtung unserer berufsrechtlichen Vorgaben zur Verschwiegenheit an Dritte, wie bspw. Beh\u00f6rden, medizinische Einrichtungen, Labore, Abrechnungsstellen sowie Steuerberater.<\/p>\n\n\n\n<p><strong>Betroffene Daten:<\/strong><\/p>\n\n\n\n<ul class=\"wp-block-list\"><li>Bestandsdaten (bspw. Namen, Adressen)<\/li><li>Zahlungsdaten (bspw. Bankverbindungsdaten, Rechnungen)<\/li><li>Kontakdaten (bspw. E-Mail-Adresse, Telefonnummer, Postanschrift)<\/li><li>Vertragsdaten (bspw. Vertragsgegenstand, Vertragsdauer)<\/li><\/ul>\n\n\n\n<p><strong>Besondere Kategorien personenbezogener Daten:<\/strong><\/p>\n\n\n\n<ul class=\"wp-block-list\"><li>Gesundheitsdaten<\/li><li>Genetische Daten<\/li><li>Biometrische Daten<\/li><li>Daten zum Sexualleben oder der sexuellen Orientierung<\/li><li>Daten, aus denen die rassische und ethnische Herkunft hervorgehen<\/li><\/ul>\n\n\n\n<p><strong>Betroffene Personen: <\/strong>Patienten, Interessenten, Gesch\u00e4fts- und Vertragspartner<\/p>\n\n\n\n<p><strong>Verarbeitungszweck: <\/strong>Abwicklung vertraglicher Leistungen, Kommunikation sowie Beantwortung von Kontaktanfragen, B\u00fcro und Organisationsverfahren<\/p>\n\n\n\n<p><strong>Rechtsgrundlage:<\/strong> Vertragserf\u00fcllung und vorvertragliche Anfragen, Art. 6 Abs. 1 lit. b DSGVO, rechtliche Verpflichtung, Art. 6 Abs. 1 lit. c DSGVO), berechtigtes Interesse, Art. 6 Abs. 1 lit. f DSGVO<\/p>\n\n\n\n<p><strong>L\u00f6schung:<\/strong> Wir l\u00f6schen Ihre Daten nach Ablauf der gesetzlichen Gew\u00e4hrleistungs- und vergleichbarer Pflichten, d.h. grunds\u00e4tzlich nach Ablauf von 4 Jahren. Sofern gesetzliche Bestimmung die Archivierung Ihrer Daten vorsehen (bspw. aus steuerlichen Gr\u00fcnden oder wegen berufsrechtlicher Vorgaben, hier im Regelfall 10 Jahre), l\u00f6schen wir diese Daten nach Ablauf dieser Fristen. Im \u00dcbrigen l\u00f6schen wir Ihre Daten grunds\u00e4tzlich nach Beendigung der zwischen uns bestehenden vertraglichen Beziehungen.<\/p>\n\n\n\n<h2 class=\"wp-block-heading\">Verarbeitung Ihrer Daten im Rahmen der Kernt\u00e4tigkeit unseres Unternehmens<\/h2>\n\n\n\n<p>Sofern Sie unser Kunde oder Gesch\u00e4ftspartner sind oder sich f\u00fcr unsere Leistungen interessieren, richtet sich Art, Umfang und Zweck der Verarbeitung Ihrer Daten nach dem zwischen uns bestehenden vertraglichen bzw. vorvertraglichen Beziehungen. In diesem Sinne geh\u00f6ren zu den von uns verarbeiteten Daten all diejenigen Daten, die zum Zwecke der Inanspruchnahme der vertraglichen bzw. vorvertraglichen Leistungen durch Sie bereitgestellt werden bzw. wurden und die zur Abwicklung Ihrer Anfrage oder des zwischen uns geschlossenen Vertrages ben\u00f6tigt werden. Sofern sich aus den weiteren Hinweisen dieser Datenschutzerkl\u00e4rung nichts anderes ergibt, beschr\u00e4nkt sich die Verarbeitung Ihrer Daten sowie deren Weitergabe an Dritte auf diejenigen Daten, die zur Beantwortung Ihrer Anfragen und\/oder zur Erf\u00fcllung des zwischen Ihnen und uns geschlossenen Vertrages, zur Wahrung unserer Rechte sowie zur Erf\u00fcllung gesetzlicher Pflichten erforderlich und zweckm\u00e4\u00dfig sind. Welche Daten hierf\u00fcr erforderlich sind, teilen wir Ihnen vor oder im Rahmen der Datenerhebung mit. Soweit wir zur Erbringung unserer Leistungen Drittanbieter einsetzen, gelten die Datenschutzhinweise der jeweiligen Drittanbieter.<\/p>\n\n\n\n<p><strong>Betroffene Daten:<\/strong><\/p>\n\n\n\n<ul class=\"wp-block-list\"><li>Bestandsdaten (bspw. Namen, Adressen)<\/li><li>Zahlungsdaten (bspw. Bankverbindungsdaten, Rechnungen)<\/li><li>Kontakdaten (bspw. E-Mail-Adresse, Telefonnummer, Postanschrift)<\/li><li>Vertragsdaten (bspw. Vertragsgegenstand, Vertragsdauer)<\/li><\/ul>\n\n\n\n<p><strong>Betroffene Personen: <\/strong>Interessenten, Gesch\u00e4fts- und Vertragspartner<\/p>\n\n\n\n<p><strong>Verarbeitungszweck: <\/strong>Abwicklung vertraglicher Leistungen, Kommunikation sowie Beantwortung von Kontaktanfragen, B\u00fcro und Organisationsverfahren<\/p>\n\n\n\n<p><strong>Rechtsgrundlage:<\/strong> Vertragserf\u00fcllung und vorvertragliche Anfragen, Art. 6 Abs. 1 lit. b DSGVO, rechtliche Verpflichtung, Art. 6 Abs. 1 lit. c DSGVO, berechtigtes Interesse, Art. 6 Abs. 1 lit. f DSGVO<\/p>\n\n\n\n<h2 class=\"wp-block-heading\">Ihre Rechte nach der DSGVO<\/h2>\n\n\n\n<p>Nach der DSGVO stehen Ihnen die nachfolgend aufgef\u00fchrten Rechte zu, die Sie jederzeit bei dem in Ziffer 1. dieser Datenschutzerkl\u00e4rung genannten Verantwortlichen geltend machen k\u00f6nnen:<\/p>\n\n\n\n<ul class=\"wp-block-list\"><li><strong>Recht auf Auskunft:<\/strong> Sie haben das Recht, von uns Auskunft dar\u00fcber zu verlangen, ob und welche Daten wir von Ihnen verarbeiten.<\/li><li><strong>Recht auf Berichtigung:<\/strong> Sie haben das Recht, die Berichtigung unrichtiger oder Vervollst\u00e4ndigung unvollst\u00e4ndiger Daten zu verlangen.<\/li><li><strong>Recht auf L\u00f6schung:<\/strong> Sie haben das Recht, die L\u00f6schung Ihrer Daten zu verlangen.<\/li><li><strong>Recht auf Einschr\u00e4nkung:<\/strong> Sie haben in bestimmten F\u00e4llen das Recht zu verlangen, dass wir Ihre Daten nur noch eingeschr\u00e4nkt bearbeiten.<\/li><li><strong>Recht auf Daten\u00fcbertragbarkeit:<\/strong> Sie haben das Recht zu verlangen, dass wir Ihnen oder einem anderen Verantwortlichen Ihre Daten in einem strukturierten, g\u00e4ngigen und maschinenlesebaren Format \u00fcbermitteln.<\/li><li><strong>Beschwerderecht<\/strong>: Sie haben das Recht, sich bei einer Aufsichtsbeh\u00f6rde zu beschweren. Zust\u00e4ndig ist die Aufsichtsbeh\u00f6rde Ihres \u00fcblichen Aufenthaltsortes, Ihres Arbeitsplatzes oder unseres Firmensitzes.<\/li><\/ul>\n\n\n\n<h3 class=\"wp-block-heading\">Widerrufsrecht<\/h3>\n\n\n\n<p>Sie haben das Recht, die von Ihnen erteilte Einwilligung zur Datenverarbeitung jederzeit zu widerrufen.<\/p>\n\n\n\n<h3 class=\"wp-block-heading\">Widerspruchsrecht<\/h3>\n\n\n\n<p>Sie haben das Recht, jederzeit gegen die Verarbeitung Ihrer Daten, die wir auf unser berechtigtes Interesse nach Art. 6 Abs. 1 lit. f DSGVO st\u00fctzen, Widerspruch einzulegen. Sofern Sie von Ihrem Widerspruchsrecht Gebrauch machen, bitten wir Sie um die Darlegung der Gr\u00fcnde. Wir werden Ihre personenbezogenen Daten dann nicht mehr verarbeiten, es sei denn, wir k\u00f6nnen Ihnen gegen\u00fcber nachweisen, dass zwingende schutzw\u00fcrdige Gr\u00fcnde an der Datenverarbeitung Ihre Interessen und Rechte \u00fcberwiegen.<\/p>\n\n\n\n<p><strong>Unabh\u00e4ngig vom vorstehend Gesagten, haben Sie das jederzeitige Recht, der Verarbeitung Ihrer personenbezogenen Daten f\u00fcr Zwecke der Werbung und Datenanalyse zu widersprechen.<\/strong><\/p>\n\n\n\n<p>Ihren Widerspruch richten Sie bitte an die oben angegebene Kontaktadresse des Verantwortlichen.<\/p>\n\n\n\n<h2 class=\"wp-block-heading\">Wann l\u00f6schen wir Ihre Daten?<\/h2>\n\n\n\n<p>Wir l\u00f6schen Ihre Daten dann, wenn wir diese nicht mehr brauchen oder Sie uns dies vorgeben. Das bedeutet, dass &#8211; sofern sich aus den einzelnen Datenschutzhinweisen dieser Datenschutzerkl\u00e4rung nichts anderes ergibt &#8211; wir Ihre Daten l\u00f6schen,<\/p>\n\n\n\n<ul class=\"wp-block-list\"><li>wenn der Zweck der Datenverarbeitung weggefallen ist und damit die jeweilige in den einzelnen Datenschutzhinweisen genannte Rechtsgrundlage nicht mehr besteht, also bspw.<ul><li>nach Beendigung der zwischen uns bestehenden vertraglichen oder mitgliedschaftlichen Beziehungen (Art. 6 Abs. 1 lit. a DSGVO) oder<\/li><li>nach Wegfall unseres berechtigten Interesses an der weiteren Verarbeitung oder Speicherung Ihrer Daten (Art. 6 Abs. 1 lit. f DSGVO),<\/li><\/ul><\/li><li>wenn Sie von Ihrem Widerrufsrecht Gebrauch machen und keine anderweitige gesetzliche Rechtsgrundlage f\u00fcr die Verarbeitung im Sinne von Art. 6 Abs. 1 lit. b-f DSGVO eingreift,<\/li><li>wenn Sie vom Ihrem Widerspruchsrecht Gebrauch machen und der L\u00f6schung keine zwingenden schutzw\u00fcrdigen Gr\u00fcnde entgegenstehen.<\/li><\/ul>\n\n\n\n<p>Sofern wir (bestimmte Teile) Ihre(r) Daten jedoch noch f\u00fcr andere Zwecke vorhalten m\u00fcssen, weil dies etwa steuerliche Aufbewahrungsfristen (in der Regel 6 Jahre f\u00fcr Gesch\u00e4ftskorrespondenz bzw. 10 Jahre f\u00fcr Buchungsbelege) oder die Geltendmachung, Aus\u00fcbung oder Verteidigung von Rechtsanspr\u00fcchen aus vertraglichen Beziehungen (bis zu vier Jahren) erforderlich machen oder die Daten zum Schutz der Rechte einer anderen nat\u00fcrlichen oder juristischen Person gebraucht werden, l\u00f6schen wir (den Teil) Ihre(r) Daten erst nach Ablauf dieser Fristen. Bis zum Ablauf dieser Fristen beschr\u00e4nken wir die Verarbeitung dieser Daten jedoch auf diese Zwecke (Erf\u00fcllung der Aufbewahrungspflichten).<\/p>\n\n\n\n<h2 class=\"wp-block-heading\">Cookies<\/h2>\n\n\n\n<p>Unsere Internetseite nutzt Cookies. Bei Cookies handelt es sich um kleine Textdateien, bestehend aus einer Reihe von Zahlen und Buchstaben, die auf dem von Ihnen genutzten Endger\u00e4t abgelegt und gespeichert werden. Cookies dienen vorrangig dazu, Informationen zwischen dem von Ihnen genutzten Endger\u00e4t und unserer Webseite auszutauschen. Hierzu geh\u00f6ren u. a. die Spracheinstellungen auf einer Webseite, der Login-Status oder die Stelle, an der ein Video geschaut wurde.<\/p>\n\n\n\n<p>Beim Besuch unserer Webseiten werden zwei Typen von Cookies eingesetzt:<\/p>\n\n\n\n<ul class=\"wp-block-list\"><li><strong>Tempor\u00e4re Cookies (Session Cookies):<\/strong> Diese speichern eine sogenannte Session-ID, mit welcher sich verschiedene Anfragen Ihres Browsers der gemeinsamen Sitzung zuordnen lassen. Die Session-Cookies werden gel\u00f6scht, wenn Sie sich ausloggen oder Ihren Browser schlie\u00dfen.<\/li><li><strong>Permanente Cookies: <\/strong>Permanente Cookies bleiben auch nach dem Schlie\u00dfen des Browsers gespeichert. Dadurch erkennt unsere Webseite Ihren Rechner wieder, wenn Sie auf unsere Webseite zur\u00fcckkehren. In diesen Cookies werden beispielsweise Informationen zu Spracheinstellungen oder Log-In-Informationen gespeichert. Au\u00dferdem kann mit diesen Cookies Ihr Surfverhalten dokumentiert und gespeichert werden. Diese Daten k\u00f6nnen zu Statistik-, Marketing- und Personalisierungs-Zwecken verwendet werden.<\/li><\/ul>\n\n\n\n<p>Neben der vorstehenden Einteilung k\u00f6nnen Cookies auch im Hinblick auf ihren Einsatzzweck unterschieden werden:<\/p>\n\n\n\n<ul class=\"wp-block-list\"><li><strong>Notwendige Cookies:<\/strong> Dies sind Cookies, die f\u00fcr den Betrieb unserer Webseite unbedingt erforderlich sind, um Logins oder Warenk\u00f6rbe f\u00fcr die Dauer Ihrer Sitzung zu speichern oder Cookies, die aus Sicherheitsgr\u00fcnden gesetzt werden.<\/li><li><strong>Statistik-, Marketing- und Personalisierungs-Cookies:<\/strong> Dies sind Cookies, die f\u00fcr Analysezwecke oder die Reichweitenmessung eingesetzt werden. \u00dcber solche &#8222;Tracking&#8220;-Cookies k\u00f6nnen insbesondere Informationen zu eingegebenen Suchbegriffen oder die H\u00e4ufigkeit von Seitenaufrufen gespeichert sein. Daneben kann aber auch das Surfverhalten eines einzelnen Nutzers (z. B. Betrachten bestimmter Inhalte, Nutzen von Funktionen etc.) in einem Nutzerprofil gespeichert werden. Solche Profile werden genutzt, um Nutzern Inhalte anzuzeigen, die deren potentiellen Interessen entsprechen. Soweit wir Dienste nutzen, \u00fcber die Cookies zu Statistik-, Marketing- und Personalisierungs-Zwecken auf Ihrem Endger\u00e4t gespeichert werden, informieren wir Sie hierzu gesondert in den nachfolgenden Abschnitten unserer Datenschutzerkl\u00e4rung oder im Rahmen der Einholung Ihrer Einwilligung.<\/li><\/ul>\n\n\n\n<p><strong>Betroffene Daten:<\/strong><\/p>\n\n\n\n<ul class=\"wp-block-list\"><li>Nutzungsdaten (bspw. Zugriffszeiten, angeklickte Webseiten)<\/li><li>Kommunikationsdaten (bspw. Informationen \u00fcber das genutzte Ger\u00e4t, IP-Adresse).<\/li><\/ul>\n\n\n\n<p><strong>Betroffene Personen: <\/strong>Nutzer unserer Onlineangebote<\/p>\n\n\n\n<p><strong>Verarbeitungszweck: <\/strong>Ausspielen unserer Internetseiten, Gew\u00e4hrleistung des Betriebs unserer Internetseiten, Verbesserung unseres Internetangebotes, Kommunikation und Marketig<\/p>\n\n\n\n<p><strong>Rechtsgrundlage:<br>Berechtigtes Interesse, Art. 6 Abs. 1 lit. f DSGVO<\/strong><br>Sofern wir von Ihnen keine Einwilligung in das Setzen der Cookies einholen, st\u00fctzen wir die Verarbeitung Ihrer Daten auf unser berechtigtes Interesse, die Qualit\u00e4t und Benutzerfreundlichkeit unseres Internetauftritts, insbesondere der Inhalte und Funktionen zu verbessern. Sie haben \u00fcber die Sicherheitseinstellungen Ihres Browsers, dem Einsatz der von uns im Rahmen unseres berechtigten Interesses gesetzten Cookies zu widersprechen. Dort haben Sie die M\u00f6glichkeit festzulegen, ob Sie etwa von vornherein keine oder nur auf Nachfrage Cookies akzeptieren oder aber festlegen, dass Cookies nach jedem Schlie\u00dfen Ihres Browsers gel\u00f6scht werden. Werden Cookies f\u00fcr unsere Webseite deaktiviert, k\u00f6nnen m\u00f6glicherweise nicht mehr alle Funktionen der Webseite vollumf\u00e4nglich genutzt werden.<\/p>\n\n\n\n<p><strong>Einwilligung, Art. 6 Abs. 1 lit. a DSGVO<\/strong><br>Sofern wir Sie vor Ihrem Besuch unserer Internetpr\u00e4senz darum bitten, bestimmte Cookies auf Ihr Endger\u00e4t setzen zu d\u00fcrfen, und Sie hierein einwilligen, ist in der von Ihnen erteilten Einwilligung die Rechtsgrundlage zu sehen. Wir informieren Sie im Rahmen der Einwilligung dar\u00fcber, welche Cookies wir im Einzelnen setzen. Sofern Sie diese Einwilligung nicht erteilen, setzen sich lediglich die sogenannten technisch notwendigen Cookies, die f\u00fcr den ordnungsgem\u00e4\u00dfen Betrieb unserer Internetseiten sowie deren Darstellung in Ihrem Browser erforderlich sind. Sofern Sie in das Setzen von Cookies eingewilligt haben, haben die jederzeitige M\u00f6glichkeit, uns gegen\u00fcber der erteilten Einwilligung zu widerrufen.<\/p>\n\n\n\n<h2 class=\"wp-block-heading\">Webhosting<\/h2>\n\n\n\n<p>Wir bedienen uns zum Vorhalten unserer Internetseiten eines Anbieters, auf dessen Server unsere Internetseiten gespeichert und f\u00fcr den Abruf im Internet verf\u00fcgbar gemacht werden (Hosting). Hierbei k\u00f6nnen von dem Anbieter all diejenigen \u00fcber den von Ihnen genutzten Browser \u00fcbertragenen Daten verarbeitet werden, die bei der Nutzung unserer Internetseiten anfallen. Hierzu geh\u00f6ren insbesondere Ihre IP-Adresse, die der Anbieter ben\u00f6tigt, um unser Online-Angebot an den von Ihnen genutzten Browser ausliefern zu k\u00f6nnen sowie s\u00e4mtliche von Ihnen \u00fcber unsere Internetseite get\u00e4tigten Eingaben. Daneben kann der von uns genutzte Anbieter&nbsp;&nbsp;<\/p>\n\n\n\n<ul class=\"wp-block-list\"><li>das Datum und die Uhrzeit des Zugriffs auf unsere Internetseite<\/li><li>Zeitzonendifferenz zur Greenwich Mean Time (GMT)<\/li><li>Zugriffsstatus (HTTP-Status)<\/li><li>die \u00fcbertragene Datenmenge<\/li><li>der Internet-Service-Provider des zugreifenden Systems<\/li><li>der von Ihnen verwendete Browsertyp und dessen Version<\/li><li>das von Ihnen verwendete Betriebssystem<\/li><li>die Internetseite, von welcher Sie gegebenenfalls auf unsere Internetseite gelangt sind<\/li><li>die Seiten bzw. Unterseiten, welche Sie auf unserer Internetseite besuchen.<\/li><\/ul>\n\n\n\n<p>erheben. Die vorgenannten Daten werden als Logfiles auf den Servern unseres Anbieters gespeichert. Dies ist erforderlich, um die Stabilit\u00e4t und Sicherheit des Betriebs unserer Internetseite zu gew\u00e4hrleisten.<\/p>\n\n\n\n<p><strong>Betroffene Daten:<\/strong><\/p>\n\n\n\n<ul class=\"wp-block-list\"><li>Inhaltsdaten (bspw. Posts, Fotos, Videos)<\/li><li>Nutzungsdaten (bspw. Zugriffszeiten, angeklickte Webseiten)<\/li><li>Kommunikationsdaten (bspw. Informationen \u00fcber das genutzte Ger\u00e4t, IP-Adresse)<\/li><\/ul>\n\n\n\n<p><strong>Betroffene Personen: <\/strong>Nutzer unserer Internetpr\u00e4senz<\/p>\n\n\n\n<p><strong>Verarbeitungszweck: <\/strong>Ausspielen unserer Internetseiten, Gew\u00e4hrleistung des Betriebs unserer Internetseiten<\/p>\n\n\n\n<p><strong>Rechtsgrundlage:<\/strong> Berechtigtes Interesse, Art. 6 Abs. 1 lit. f DSGVO<\/p>\n\n\n\n<p><strong>Von uns beauftragte(r) Webhoster:<\/strong><\/p>\n\n\n\n<h2 class=\"wp-block-heading\">Content-Delivery-Network<\/h2>\n\n\n\n<p>Wir benutzen zum Ausspielen unserer Internetseiten ein Content-Delivery-Network (CDN). Ein CDN ist ein Netz regional verteilter und \u00fcber das Internet verbundener Server. \u00dcber das CDN werden skalierende Speicher- und Auslieferungskapazit\u00e4ten zur Verf\u00fcgung gestellt. Hierdurch werden die Ladezeiten unserer Internetseiten optimiert und auch bei gro\u00dfen Lastspitzen ein optimaler Datendurchsatz gew\u00e4hrleistet. Nutzeranfragen auf unseren Internetseiten werden \u00fcber Server des CDN geleitet. Aus diesen Datenstr\u00f6men werden Statistiken erstellt. Dies dient zum einen dazu, potentielle Bedrohungen f\u00fcr unsere Internetseiten durch Schadsoftware fr\u00fchzeitig zu erkennen und zum anderen unser Angebot stetig zu verbessern und unsere Internetseiten f\u00fcr Sie als Nutzer nutzerfreundlicher auszugestalten.<\/p>\n\n\n\n<p>Wir m\u00f6chten Sie darauf hinweisen, dass je nach Sitzland des unten genannten Diensteanbieters die \u00fcber den Dienst erfassten Daten au\u00dferhalb des Raumes der Europ\u00e4ischen Union \u00fcbertragen und verarbeitet werden k\u00f6nnen. Es besteht in diesem Fall das Risiko, dass das von der DSGVO vorgeschriebene Datenschutzniveau nicht eingehalten und die Durchsetzung Ihrer Rechte nicht oder nur erschwert erfolgen kann.<\/p>\n\n\n\n<p><strong>Betroffene Daten:<\/strong><\/p>\n\n\n\n<ul class=\"wp-block-list\"><li>Inhaltsdaten (bspw. Posts, Fotos, Videos)<\/li><li>Nutzungsdaten (bspw. Zugriffszeiten, angeklickte Webseiten)<\/li><li>Kommunikationsdaten (bspw. Informationen \u00fcber das genutzte Ger\u00e4t, IP-Adresse)<\/li><\/ul>\n\n\n\n<p><strong>Verarbeitungszweck: <\/strong>Technische Optimierung der Internetpr\u00e4senz, Analyse von Fehlern und Nutzerverhalten<\/p>\n\n\n\n<p><strong>Rechtsgrundlage:<\/strong> Berechtigtes Interesse, Art. 6 Abs. 1 lit. f DSGVO<\/p>\n\n\n\n<p><strong>Eingesetze CDN-Dienstleister:<\/strong><\/p>\n\n\n\n<h2 class=\"wp-block-heading\">Kontaktaufnahme<\/h2>\n\n\n\n<p>Soweit Sie uns \u00fcber E-Mail, Soziale Medien, Telefon, Fax, Post, unser Kontaktformular oder sonstwie ansprechen und uns hierbei personenbezogene Daten wie Ihren Namen, Ihre Telefonnummer oder Ihre E-Mail-Adresse zur Verf\u00fcgung stellen oder weitere Angaben zur Ihrer Person oder Ihrem Anliegen machen, verarbeiten wir diese Daten zur Beantwortung Ihrer Anfrage im Rahmen des zwischen uns bestehenden vorvertraglichen oder vertraglichen Beziehungen.<\/p>\n\n\n\n<p><strong>Betroffene Daten:<\/strong><\/p>\n\n\n\n<ul class=\"wp-block-list\"><li>Bestandsdaten (bspw. Namen, Adressen)<\/li><li>Kontakdaten (bspw. E-Mail-Adresse, Telefonnummer, Postanschrift)<\/li><li>Inhaltsdaten (Texte, Fotos, Videos)<\/li><li>Vertragsdaten (bspw. Vertragsgegenstand, Vertragsdauer)<\/li><\/ul>\n\n\n\n<p><strong>Betroffene Personen: <\/strong>Interessenten, Kunden, Gesch\u00e4fts- und Vertragspartner<\/p>\n\n\n\n<p><strong>Verarbeitungszweck: <\/strong>Kommunikation sowie Beantwortung von Kontaktanfragen, B\u00fcro und Organisationsverfahren<\/p>\n\n\n\n<p><strong>Rechtsgrundlage:<\/strong> Vertragserf\u00fcllung und vorvertragliche Anfragen, Art. 6 Abs. 1 lit. b DSGVO, berechtigtes Interesse, Art. 6 Abs. 1 lit. f DSGVO<\/p>\n\n\n\n<h2 class=\"wp-block-heading\">Ihre Kommentare oder Bewertungen<\/h2>\n\n\n\n<p>Sie haben die M\u00f6glichkeit, auf den daf\u00fcr vorgesehenen Bereichen unserer Internetpr\u00e4senz unsere Beitr\u00e4ge zu kommentieren, Ihre Meinung zu \u00e4u\u00dfern oder Content einzustellen. Da wir f\u00fcr rechtsverletzende Inhalte Ihres Kommentars (Beleidigung, Schm\u00e4hkritik, Volksverhetzung, verbotene Gewaltdarstellung etc.) unter Umst\u00e4nden selbst in Haftung genommen werden k\u00f6nnen, speichern wir Ihre IP-Adresse f\u00fcr die Dauer von 7 Tagen, um gegebenenfalls hier\u00fcber Ihre Identit\u00e4t ermitteln zu k\u00f6nnen.<\/p>\n\n\n\n<p><strong>Rechtsgrundlage<\/strong>: Art. 6 Abs. 1 lit. f DSGVO<\/p>\n\n\n\n<p><strong>Betroffene Daten:<\/strong><\/p>\n\n\n\n<ul class=\"wp-block-list\"><li>Bestandsdaten (bspw. Namen, Adressen)<\/li><li>Inhaltsdaten (bspw. Posts, Fotos, Videos)<\/li><li>Nutzungsdaten (bspw. Zugriffszeiten, angeklickte Webseiten)<\/li><li>Kommunikationsdaten (bspw. Informationen \u00fcber das genutzte Ger\u00e4t, IP-Adresse)<\/li><\/ul>\n\n\n\n<p><strong>Verarbeitungszweck: <\/strong>Leistungserf\u00fcllung vertraglicher Verpflichtungen, Kommunikation und Abwicklung von Anfragen, Einholen von Feedback, Sicherheitsma\u00dfnahmen.<\/p>\n\n\n\n<p><strong>Abonnieren von Kommentaren<\/strong><\/p>\n\n\n\n<p>Sie haben die M\u00f6glichkeit, die Ihrem Beitrag nachfolgenden Kommentare zu abonnieren. Sie werden dann benachrichtigt, wenn weitere Personen den gleichen Beitrag kommentieren. Hierzu m\u00fcssen Sie bei der Abgabe Ihres Kommentars ein daf\u00fcr vorgesehenes Kontrollk\u00e4stchen aktivieren und Ihrew E-.Mail-Adresse angeben. Um sicherzustellen, dass Ihre E-Mail-Adresse bei der Anmeldung nicht missbr\u00e4uchlich verwendet wurde, erhalten Sie zun\u00e4chst eine Best\u00e4tigungs-E-Mail, die einen Link enth\u00e4lt. Mit einem Klick auf den Link aktivieren Sie den Empfang der Benachrichtigung. Um Missbrauch zu vermeiden, speichern wir das Datum und die Uhrzeit der Anmeldung sowie die Ihnen zu diesem Zeitpunkt zugeordnete IP-Adresse. Wir l\u00f6schen die von Ihnen angegebene E-Mail-Adresse entweder, wenn Sie 1 Monat nach Versand der Best\u00e4tigungs-E-Mail im Double-Opt-In-Verfahren den Best\u00e4tigungslink nicht angeklickt haben oder unmittelbar nachdem Sie die Abonnierung des jeweiligen Beitrag widerrufen.<\/p>\n\n\n\n<p><strong>Rechtsgrundlage:<\/strong> Einwilligung, Art. 6 Abs. 1 lit. a DSGVO<br><strong>Widerruf: <\/strong>Sie k\u00f6nnen das Abonnement jederzeit widerrufen. Wir teilen Ihnen bei Abschluss des Abonnements mit, auf welchem Wege Sie den Widerruf erkl\u00e4ren k\u00f6nnen &#8211; in der Regel per E-Mail an eine von uns hierf\u00fcr vorgesehene E-Mail-Adresse. Auch nach dem Widerruf k\u00f6nnen wir Ihre E-Mail-Adresse bis zu drei Jahren auf Grundlage unserer berechtigten Interessen speichern, bevor wir sie l\u00f6schen, um nachweisen zu k\u00f6nnen, dass Sie das Abonnement abgeschlossen haben. Wir speichern Ihre E-Mail-Adresse nach Ihrem Widerruf ausschlie\u00dflich zu diesem Zweck, Wir l\u00f6schen Ihre E-Mail-Adresse vorzeitig, wenn Sie uns best\u00e4tigen, dass Sie vormals die Einwilligung in das Abonnement erkl\u00e4rt haben.<\/p>\n\n\n\n<h2 class=\"wp-block-heading\">Newsletter<\/h2>\n\n\n\n<p>Wir versenden in regelm\u00e4\u00dfigen Abst\u00e4nden einen Newsletter, um unsere Kunden und Gesch\u00e4ftspartner und Interessenten \u00fcber unsere Angebote und \u00fcber hiermit im Zusammenhang stehende Neuigkeiten zu informieren. Sie haben die M\u00f6glichkeit, sich auf unserer Internetseite zu unserem Newsletter anmelden und im Rahmen der Anmeldung in den Empfang des Newsletters einzuwilligen. Wenn Sie sich zu unserem Newsletter anmelden, ist die Angabe Ihrer E-Mail-Adresse verpflichtend. Die E-Mail-Adresse speichern wir, um Ihnen den Newsletter zusenden zu k\u00f6nnen. Sobald eine Anmeldung zu unserem Newsletter erfolgt, erhalten Sie eine Best\u00e4tigungs-E-Mail an die bei der Anmeldung hinterlegte E-Mail-Adresse im sog. Double-Opt-In-Verfahren. Diese E-Mail enth\u00e4lt einen Link. Wenn Sie auf diesen Link klicken, best\u00e4tigen Sie, dass Sie&nbsp;den Newsletter empfangen m\u00f6chten. Damit stellen wir sicher, dass Ihre E-Mail-Adresse bei der Anmeldung nicht von einem Dritten missbraucht wurde. Aus demselben Grunde speichern wir das Datum und die Uhrzeit der Anmeldung sowie die bei der Anmeldung Ihnen zugeordnete IP-Adresse. Die vorgenannten Daten geben wir nicht an Dritte weiter.<\/p>\n\n\n\n<p><strong>Betroffene Daten:<\/strong><\/p>\n\n\n\n<ul class=\"wp-block-list\"><li>Inhaltsdaten (bspw. Posts, Fotos, Videos)<\/li><li>Nutzungsdaten (bspw. Zugriffszeiten, angeklickte Webseiten)<\/li><li>Kommunikationsdaten (bspw. Informationen \u00fcber das genutzte Ger\u00e4t, IP-Adresse)<\/li><\/ul>\n\n\n\n<p><strong>Betroffene Personen: <\/strong>Nutzer unserer Internetpr\u00e4senz<\/p>\n\n\n\n<p><strong>Verarbeitungszweck: <\/strong>Ausspielen unserer Internetseiten, Gew\u00e4hrleistung des Betriebs unserer Internetseiten<\/p>\n\n\n\n<p><strong>Rechtsgrundlage:<\/strong> Einwilligung, Art. 6 Abs. 1 lit. a DSGVO, berechtigtes Interesse, Art. 6 Abs. 1 lit. f DSGVO<\/p>\n\n\n\n<p><strong>L\u00f6schung:<\/strong> Die L\u00f6schung der E-Mail-Adresse erfolgt entweder, wenn Sie 1 Monat nach Versand der Best\u00e4tigungs-E-Mail im Double-Opt-In-Verfahren den Best\u00e4tigungslink nicht angeklickt haben oder unmittelbar nachdem Sie sich von unserem Newsletter abgemeldet haben.<\/p>\n\n\n\n<p><strong>Widerruf:<\/strong> Sie k\u00f6nnen Ihre Einwilligung in den Empfang des Newsletters jederzeit widerrufen und sich von dem Abonnement des Newsletters abmelden. Wir bieten folgende M\u00f6glichkeiten an, \u00fcber die Sie den Widerruf erkl\u00e4ren k\u00f6nnen:<\/p>\n\n\n\n<ul class=\"wp-block-list\"><li>Klick auf den in dem Newsletter hierf\u00fcr vorgehaltenen Link<\/li><\/ul>\n\n\n\n<h2 class=\"wp-block-heading\">Webanalyse und Statistik<\/h2>\n\n\n\n<p>Um die Besucherstr\u00f6me auf unserer Internetpr\u00e4senz zu erfassen und statistisch auszuwerten, setzen wir Webanalyse-Dienste ein. Solche Dienste erfassen unter anderem Daten dar\u00fcber, von welcher Internetseite Sie auf unsere Internetpr\u00e4senz gelangt sind (sogenannte Referrer), auf welche Seiten unserer Internetpr\u00e4senz Sie zugegriffen haben, wie lange Sie unsere Seiten besucht und welche Interaktionen Sie dort vorgenommen haben. Daneben werden Daten zu dem von Ihnen verwendeten Browser, Computersystem sowie der Ger\u00e4teart erhoben. Au\u00dferdem k\u00f6nnen \u00fcber einen solchen Dienst auch demographische Informationen, wie bspw. das Alter oder das Geschlecht als pseudonyme Werte erfasst werden. Sofern Sie in die Erhebung Ihrer Standortdaten eingewilligt haben, k\u00f6nnen, je nach Anbieter, auch diese verarbeitet werden.<\/p>\n\n\n\n<p>Um diese Daten zu erfassen und zu speichern, setzt der von uns verwendete Webanalyse-Dienst in der Regel einen Cookie auf das von Ihnen genutzte Endger\u00e4t, mit dem auch die Ihnen zugeordnete IP-Adresse erhoben wird. Allerdings wird diese \u00fcber ein sogenanntes IP-Masking-Verfahren gek\u00fcrzt, so dass die IP-Adresse nicht mehr Ihrem Besuch auf unserer Internetseite zugeordnet werden kann. Auch im \u00dcbrigen werden keine Klardaten wie Namen oder E-Mail-Adressen gespeichert. Weder wir noch der von uns eingesetzte Dienst kennt die Identit\u00e4t der Besucher unserer Internetseiten.<\/p>\n\n\n\n<p>Wir m\u00f6chten Sie darauf hinweisen, dass je nach Sitzland des unten genannten Diensteanbieters die \u00fcber den Dienst erfassten Daten au\u00dferhalb des Raumes der Europ\u00e4ischen Union \u00fcbertragen und verarbeitet werden k\u00f6nnen. Es besteht in diesem Fall das Risiko, dass das von der DSGVO vorgeschriebene Datenschutzniveau nicht eingehalten und die Durchsetzung Ihrer Rechte nicht oder nur erschwert erfolgen kann.<\/p>\n\n\n\n<p><strong>Betroffene Daten:<\/strong><\/p>\n\n\n\n<ul class=\"wp-block-list\"><li>Nutzungsdaten (bspw. Zugriffszeiten, angeklickte Webseiten)<\/li><li>Kommunikationsdaten (bspw. Informationen \u00fcber das genutzte Ger\u00e4t, IP-Adresse).<\/li><\/ul>\n\n\n\n<p><strong>Betroffene Personen: <\/strong>Nutzer unserer Onlineangebote<\/p>\n\n\n\n<p><strong>Verarbeitungszweck: <\/strong>Reichweitenmessung, Erfolgskontrolle von Kampagnen, Remarketing sowie interessen- und verhaltensbedingtes Marketing<\/p>\n\n\n\n<p><strong>Rechtsgrundlage:<\/strong> Sofern wir Sie vor dem Einsatz des jeweiligen Dienstes um Ihre Einwilligung gebeten haben, liegt hierin die Rechtsgrundlage, Art. 6 Abs. 1 lit. a DSGVO. Im \u00dcbrigen setzen wir den jeweiligen Dienst auf Grund unseres berechtigten Interesse ein, die Besucherstr\u00f6me unserer Internetseiten analysieren, um hier\u00fcber die Funktionen, Angebote sowie das Nutzungserlebnis fortlaufend verbessern zu k\u00f6nnen, Art. 6 Abs. 1 lit. f DSGVO.<\/p>\n\n\n\n<p><strong>Wir nutzen folgende Webanalyse-Dienste:<\/strong><\/p>\n\n\n\n<p><strong>Google Analytics<\/strong><\/p>\n\n\n\n<p>Dienstanbieter: Google Inc., 1600 Amphitheatre Parkway, Mountain View, CA 94043, USA<br>Sitz innerhalb der EU: Google Dublin, Google Ireland Ltd., Gordon House, Barrow Street, Dublin 4, Ireland<br>Internetseite: <a href=\"https:\/\/marketingplatform.google.com\/intl\/de\/about\/analytics\/\" target=\"_blank\" rel=\"noreferrer noopener\">https:\/\/marketingplatform.google.com\/intl\/de\/about\/analytics\/<\/a><br>Datenschutzerkl\u00e4rung: <a href=\"https:\/\/policies.google.com\/privacy?hl=de\" target=\"_blank\" rel=\"noopener\">https:\/\/policies.google.com\/privacy?hl=de<\/a><br><strong>Opt-Out-M\u00f6glichkeit<\/strong>: Wenn Sie nicht m\u00f6chten, dass Ihre Daten von Google Analytics verwendet werden. k\u00f6nnen Sie ein sog. Opt-Out Plugin setzen, welches zuk\u00fcnftig verhindert, dass Daten von Ihnen auf unserer Webseite erfasst werden. Dieses Plugin erhalten Sie hier: <a href=\"https:\/\/tools.google.com\/dlpage\/gaoptout?hl=de\" target=\"_blank\" rel=\"noopener\">https:\/\/tools.google.com\/dlpage\/gaoptout?hl=de<\/a><\/p>\n\n\n\n<h2 class=\"wp-block-heading\">Unsere Onlinepr\u00e4senzen bei sozialen Netzwerken<\/h2>\n\n\n\n<p>Wir betreiben Onlinepr\u00e4senzen innerhalb der nachfolgend aufgelisteten sozialen Netzwerke. Besuchen Sie eine dieser Pr\u00e4senzen, werden durch den jeweiligen Anbieter die unten n\u00e4her aufgef\u00fchrten Daten erhoben und verarbeitet. In der Regel werden diese Daten zur Werbe- und Marktforschungszwecke erhoben und hiermit Nutzungsprofile angelegt. In den Nutzungsprofilen k\u00f6nnen Daten unabh\u00e4ngig des von Ihnen verwendeten Ger\u00e4tes gespeichert werden. Dies ist insbesondere dann der Fall, wenn Sie Mitglied der jeweiligen Plattform und bei dieser eingeloggt sind. Die Nutzungsprofile k\u00f6nnen von den Anbietern dazu verwendet werden, um Ihnen interessenbezogene Werbung auszuspielen. Gegen die Erstellung von Nutzerprofilen steht Ihnen ein Widerrufsrecht zu. Um dieses auszu\u00fcben, m\u00fcssen Sie sich an den jeweiligen Anbieter wenden.<\/p>\n\n\n\n<p>Wenn Sie einen Account bei einem der unten aufgef\u00fchrten Anbieter besitzen und beim Besuch unserer Webseite dort eingeloggt sind, kann der jeweilige Anbieter Daten \u00fcber Ihr Nutzungsverhalten auf unserer Webseite erheben. Um eine solche Verkn\u00fcpfung Ihrer Daten zu verhindern, k\u00f6nnen Sie sich vor dem Besuch unserer Seite bei dem Dienst des Anbieters ausloggen.<\/p>\n\n\n\n<p>Zu welchem Zweck und in welchem Umfang Daten von dem Anbieter erhoben werden, k\u00f6nnen Sie den jeweiligen, im Folgenden mitgeteilten, Datenschutzerkl\u00e4rungen der Anbieter entnehmen.<\/p>\n\n\n\n<p>Wir m\u00f6chten Sie darauf hinweisen, dass je nach Sitzland des unten genannten Anbieters die \u00fcber dessen Plattform erfassten Daten au\u00dferhalb des Raumes der Europ\u00e4ischen Union \u00fcbertragen und verarbeitet werden k\u00f6nnen. Es besteht in diesem Fall das Risiko, dass das von der DSGVO vorgeschriebene Datenschutzniveau nicht eingehalten und die Durchsetzung Ihrer Rechte nicht oder nur erschwert erfolgen kann.<\/p>\n\n\n\n<p><strong>Betroffene Daten:<\/strong><\/p>\n\n\n\n<ul class=\"wp-block-list\"><li>Bestands- und Kontaktdaten (bspw. Name, Adresse, Telefonnummer, E-Mail-Adresse)<\/li><li>Inhaltsdaten (bspw. Posts, Fotos, Videos)<\/li><li>Nutzungsdaten (bspw. Zugriffszeiten, angeklickte Webseiten)<\/li><li>Kommunikationsdaten (bspw. Informationen \u00fcber das genutzte Ger\u00e4t, IP-Adresse).<\/li><\/ul>\n\n\n\n<p><strong>Verarbeitungszweck: <\/strong>Kommunikation und Marketing, Verfolgen und Anaylse von Nutzerverhalten<\/p>\n\n\n\n<p><strong>Rechtsgrundlage:<\/strong> Einwilligung, Art. 6 Abs. 1 lit. a DSGVO, berechtigtes Interessen Art. 6 Abs. 1 lit. f DSGVO<\/p>\n\n\n\n<p><strong>Widerspruchsm\u00f6glichkeiten: <\/strong>Zu den jeweiligen Widerspruchsm\u00f6glichkeiten (Opt-Out) verweisen wir auf die nachfolgend verlinkten Angaben der Anbieter.<\/p>\n\n\n\n<p><strong>Wir unterhalten Onlinepr\u00e4senzen auf folgenden sozialen Netzwerken:<\/strong><\/p>\n\n\n\n<p><strong>Facebook<\/strong><\/p>\n\n\n\n<p>Dienstanbieter: Facebook Inc., 1 Hacker Way, Menlo Park, CA 94025, USA<br>Sitz in der EU: Facebook Ireland Ltd., 4 Grand Canal Square, Grand Canal Harbour, Dublin 2, Irland<br>Internetseite: <a href=\"https:\/\/www.facebook.com\/\" target=\"_blank\" rel=\"noopener\">https:\/\/www.facebook.com\/<\/a><br>Datenschutzerkl\u00e4rung: <a href=\"https:\/\/www.facebook.com\/about\/privacy\/\" target=\"_blank\" rel=\"noopener\">https:\/\/www.facebook.com\/about\/privacy\/<\/a><br>Datenschutzerkl\u00e4rung f\u00fcr Facebook-Seiten: <a href=\"https:\/\/www.facebook.com\/legal\/terms\/information_about_page_insights_data\" target=\"_blank\" rel=\"noopener\">https:\/\/www.facebook.com\/legal\/terms\/information_about_page_insights_data<\/a><\/p>\n\n\n\n<p><strong>Instagram<\/strong><\/p>\n\n\n\n<p>Dienstanbieter: Instagram Inc., 1601 Willow Road, Menlo Park CA 94025, USA<br>Mutterunternehmen: Facebook Inc., 1 Hacker Way, Menlo Park, CA 94025, USA<br>Sitz in der EU: Facebook Ireland Limited, 4 Grand Canal Square, Dublin 2, Ireland<br>Internetseite: <a href=\"https:\/\/www.instagram.com\/\" target=\"_blank\" rel=\"noopener\">https:\/\/www.instagram.com\/<\/a><br>Datenschutzerkl\u00e4rung: <a href=\"https:\/\/instagram.com\/about\/legal\/privacy\" target=\"_blank\" rel=\"noopener\">http:\/\/instagram.com\/about\/legal\/privacy<\/a><\/p>\n\n\n\n<p><strong>LinkedIn<\/strong><\/p>\n\n\n\n<p>Dienstanbieter: LinkedIn Corporation, 1000 W Maude, Sunnyvale, CA 94085, USA<br>Sitz in Deutschland: LinkedIn, Hofstatt 4th Floor, Sendlinger Str. 12, 80331 M\u00fcnchen<br>Internetseite: <a href=\"https:\/\/www.linkedin.com\/?trk=nav_logo\" target=\"_blank\" rel=\"noopener\">https:\/\/www.linkedin.com\/?trk=nav_logo<\/a><br>Datenschutzerkl\u00e4rung: <a href=\"https:\/\/www.linkedin.com\/legal\/privacy-policy?trk=uno-reg-guest-home-privacy-policy\" target=\"_blank\" rel=\"noopener\">https:\/\/www.linkedin.com\/legal\/privacy-policy?trk=uno-reg-guest-home-privacy-policy<\/a><\/p>\n\n\n\n<p><strong>WhatsApp<\/strong><\/p>\n\n\n\n<p>Dienstanbieter: WhatsApp Inc. 1601 Willow Road Menlo Park, California 94025, USA<br>Sitz in der EU: Whatsapp Ireland Ltd., 4 Grand Canal Square, Grand Canal Harbour, Dublin 2, Irland<br>Mutterunternehmen: Facebook Inc., 1 Hacker Way, Menlo Park, CA 94025, USA<br>Internetseite: <a href=\"https:\/\/www.whatsapp.com\/\" target=\"_blank\" rel=\"noopener\">https:\/\/www.whatsapp.com\/<\/a><br>Datenschutzerkl\u00e4rung: <a href=\"https:\/\/www.whatsapp.com\/legal\/?eea=1#privacy-policy\" target=\"_blank\" rel=\"noopener\">https:\/\/www.whatsapp.com\/legal\/?eea=1#privacy-policy<\/a><\/p>\n\n\n\n<p><strong>XING<\/strong><\/p>\n\n\n\n<p>Dienstanbieter: New Work SE, Dammtorstra\u00dfe 30, 20354 Hamburg<br>Internetseite: <a href=\"https:\/\/www.xing.com\/\" target=\"_blank\" rel=\"noopener\">https:\/\/www.xing.com\/<\/a><br>Datenschutzerkl\u00e4rung: <a href=\"https:\/\/privacy.xing.com\/de\/datenschutzerklaerung\" target=\"_blank\" rel=\"noopener\">https:\/\/privacy.xing.com\/de\/datenschutzerklaerung<\/a><\/p>\n\n\n\n<h2 class=\"wp-block-heading\">Messenger-Dienste<\/h2>\n\n\n\n<p>Wir kommunizieren \u00fcber Messenger-Dienste. Bei Messenger-Diensten handelt es sich um Chat-Programme, mit der \u00fcber das Internet Textnachrichten, aber auch Bild- oder Videodateien in Echtzeit zwischen Nutzern versendet werden k\u00f6nnen. Daneben k\u00f6nnen Messenger-Dienste auch dazu genutzt werden, um Emoticons, elektronische Gru\u00dfkarten und Kontakte zu \u00fcbermitteln. Damit Nachrichten \u00fcbertragen werden k\u00f6nnen, m\u00fcssen die Teilnehmer mit einem Computerprogramm (genannt Client) \u00fcber ein Netz wie das Internet direkt oder \u00fcber einen Server miteinander verbunden sein. In der Regel k\u00f6nnen Nachrichten auch abgeschickt werden, wenn der Gespr\u00e4chspartner nicht online ist &#8211; die Nachricht wird dann vom Server des Dienstes zwischengespeichert und sp\u00e4ter an den Empf\u00e4nger ausgeliefert, wenn dieser wieder erreichbar ist. Schlie\u00dflich k\u00f6nnen diese Dienste auch zur Bildschirm\u00fcbertragung und f\u00fcr Online-Games eingesetzt werden.<\/p>\n\n\n\n<p>Sofern der Dienst eine Ende-zu-Ende-Verschl\u00fcsselung f\u00fcr den versendeten Inhalt (Texte, Anh\u00e4nge) verwendet, k\u00f6nnen nur die ausgew\u00e4hlten Kommunikationspartner, nicht aber Dritte oder der Diensteanbieter selbst die Nachricht einsehen. Insofern empfehlen wir, die Updates f\u00fcr den Dienst regelm\u00e4\u00dfig einzuspielen, um die Verschl\u00fcsselung der Inhalte sicherzustellen. Der Diensteanbieter hat jedoch die M\u00f6glichkeit, auf die Metadaten der Kommunikation zuzugreifen. Hierzu geh\u00f6ren Zeit und (je nach Einstellung) Ort der Kommunikation sowie das von Ihnen verwendete Ger\u00e4t.<\/p>\n\n\n\n<p>Wir m\u00f6chten Sie darauf hinweisen, dass je nach Sitzland des unten genannten Anbieters die \u00fcber dessen Plattform erfassten Daten au\u00dferhalb des Raumes der Europ\u00e4ischen Union \u00fcbertragen und verarbeitet werden k\u00f6nnen. Es besteht in diesem Fall das Risiko, dass das von der DSGVO vorgeschriebene Datenschutzniveau nicht eingehalten und die Durchsetzung Ihrer Rechte nicht oder nur erschwert erfolgen kann.<\/p>\n\n\n\n<p><strong>Betroffene Daten:<\/strong><\/p>\n\n\n\n<ul class=\"wp-block-list\"><li>Bestands- und Kontaktdaten (bspw. Name, Telefonnummer, E-Mail-Adresse)<\/li><li>Inhaltsdaten (bspw. Posts, Fotos, Videos)<\/li><li>Nutzungsdaten (bspw. Zugriffszeiten, angeklickte Webseiten)<\/li><li>Kommunikationsdaten (bspw. Informationen \u00fcber das genutzte Ger\u00e4t, IP-Adresse).<\/li><\/ul>\n\n\n\n<p><strong>Verarbeitungszweck: <\/strong>Kommunikation und Marketing<\/p>\n\n\n\n<p><strong>Rechtsgrundlage:<\/strong> Sofern wir Sie vor dem Einsatz des jeweiligen Dienstes um Ihre Einwilligung gebeten haben, liegt hierin die Rechtsgrundlage, Art. 6 Abs. 1 lit. a DSGVO. Insofern stellen wir klar, dass wir die Ihre Kontaktdaten ohne Ihre Einwilligung nicht erstmalig an den Diensteanbieter \u00fcbermitteln. Sofern wir mit Ihnen im Rahmen einer Vertragsanbahnung oder im Rahmen eines bestehenden vertraglichen Verh\u00e4ltnisses \u00fcber einen der nachfolgenden genannten Dienste kommunizieren, besteht die Rechtsgrundlage in der Erf\u00fcllung oder Vorbereitung des Vertrages, Art. 6 Abs. 1 lit. b DSGVO. Im \u00dcbrigen berufen wir uns auf unsere berechtigten Interessen an einer schnellen und effizienten Kommunikation und Erf\u00fcllung der Bed\u00fcrfnisse unser Kommunikationspartner an der Kommunikation der nachfolgend genannten Dienste, Art. 6 Abs. 1 lit. f DSGVO.<\/p>\n\n\n\n<p><strong>Widerspruchsm\u00f6glichkeiten: <\/strong>Die uns zur Nutzung des nachfolgenden genannten Dienstes erteilte Einwilligung k\u00f6nnen Sie jederzeit widerrufen. Der Kommunikation \u00fcber den Messanger-Dienst k\u00f6nnen Sie zudem jederzeit widersprechen.<\/p>\n\n\n\n<p><strong>Wir nutzen folgende Messenger-Dienste:<\/strong><\/p>\n\n\n\n<p><strong>Facebook Messenger<\/strong><\/p>\n\n\n\n<p>Dienstanbieter: Facebook Inc., 1 Hacker Way, Menlo Park, CA 94025, USA<br>Sitz in der EU: Facebook Ireland Ltd., 4 Grand Canal Square, Grand Canal Harbour, Dublin 2, Irland<br>Internetseite: <a href=\"https:\/\/www.facebook.com\/\" target=\"_blank\" rel=\"noreferrer noopener\">https:\/\/www.facebook.com<\/a><br>Datenschutzerkl\u00e4rung: <a href=\"https:\/\/www.facebook.com\/about\/privacy\" target=\"_blank\" rel=\"noreferrer noopener\">https:\/\/www.facebook.com\/about\/privacy<\/a><\/p>\n\n\n\n<p><strong>WhatsApp<\/strong><\/p>\n\n\n\n<p>Dienstanbieter: WhatsApp Inc. 1601 Willow Road Menlo Park, California 94025, USA<br>Sitz in der EU: Whatsapp Ireland Ltd., 4 Grand Canal Square, Grand Canal Harbour, Dublin 2, Irland<br>Mutterunternehmen: Facebook Inc., 1 Hacker Way, Menlo Park, CA 94025, USA<br>Internetseite: <a href=\"https:\/\/www.whatsapp.com\/\" target=\"_blank\" rel=\"noopener\">https:\/\/www.whatsapp.com\/<\/a><br>Datenschutzerkl\u00e4rung: <a href=\"https:\/\/www.whatsapp.com\/legal\/?eea=1#privacy-policy\" target=\"_blank\" rel=\"noopener\">https:\/\/www.whatsapp.com\/legal\/?eea=1#privacy-policy<\/a><\/p>\n\n\n\n<h2 class=\"wp-block-heading\">Content-Dienste<\/h2>\n\n\n\n<p>Wir nutzen bestimmte Dienste, um \u00fcber unsere Internetpr\u00e4senz bestimmte Inhalte oder Grafiken (Videos, Bilder, Musik, Schriftarten, Kartenmaterial) ausspielen zu k\u00f6nnen. Dabei verarbeiten die von uns eingesetzten Dienste die Ihnen zum Zeitpunkt Ihres Besuchs auf unseren Internetseiten zugeordnete IP-Adresse, da nur so der jeweilige Inhalt in dem von Ihnen verwendeten Browser dargestellt werden kann. Dar\u00fcber hinaus k\u00f6nnen die Anbieter dieser Dienste weitere Cookies auf Ihr Endger\u00e4t setzen, \u00fcber die Informationen \u00fcber Ihr Nutzungsverhalten, Ihre Interessen, das von Ihnen verwendete Ger\u00e4t und den verwendeten Browser sowie Zeitpunkt und Dauer Ihrer Sitzung erhoben werden. Diese Daten verwenden die Anbieter regelm\u00e4\u00dfig f\u00fcr Analyse-, Statistik- und Marketingzwecke. Zudem k\u00f6nnen diese Informationen k\u00f6nnen auch mit Informationen aus anderen Quellen verbunden werden. Dies gilt insbesondere dann, wenn Sie selbst einen Account bei dem Dienstanbieter unterhalten und zum Zeitpunkt der Sitzung dort eingeloggt sind.<\/p>\n\n\n\n<p>Wir weisen darauf hin, dass je nach Sitzland des nachstehend genannten Diensteanbieters die nachfolgend n\u00e4her benannten Daten auf Server au\u00dferhalb des Raumes der Europ\u00e4ischen Union \u00fcbertragen und verarbeitet werden k\u00f6nnen. Es besteht in diesem Fall das Risiko, dass das von der DSGVO vorgeschriebene Datenschutzniveau nicht eingehalten und die Durchsetzung Ihrer Rechte nicht oder nur erschwert erfolgen kann.<\/p>\n\n\n\n<p><strong>Betroffene Daten:<\/strong><\/p>\n\n\n\n<ul class=\"wp-block-list\"><li>Nutzungsdaten (bspw. Zugriffszeiten, angeklickte Webseiten)<\/li><li>Kommunikationsdaten (bspw. Informationen \u00fcber das genutzte Ger\u00e4t, IP-Adresse)<\/li><\/ul>\n\n\n\n<p><strong>Betroffene Personen: <\/strong>Nutzer unserer Internetpr\u00e4senz<\/p>\n\n\n\n<p><strong>Verarbeitungszweck: <\/strong>Ausspielen unserer Internetseiten, Anbieten von Inhalten, Gew\u00e4hrleistung des Betriebs unserer Internetseiten<\/p>\n\n\n\n<p><strong>Rechtsgrundlage:<\/strong> Einwilligung \u00fcber Cookie-Consent-Banner, Art. 6 Abs. 1 lit. a DSGVO, berechtigte Interessen, Art. 6 Abs. 1 lit. f DSGVO<\/p>\n\n\n\n<p><strong>Wir nutzen folgende Content-Dienste:<\/strong><\/p>\n\n\n\n<p><strong>Google Web Fonts<\/strong><\/p>\n\n\n\n<p>Mit Google Web Fonts k\u00f6nnen wir Schriftarten (Web Fonts) in das Design unserer Webseite einbinden und diese bei der Darstellung unserer Internetseiten in Ihrem Browser korrekt ausgeben. Die Einbindung dieser Web Fonts erfolgt durch einen Serveraufruf bei Google. Von dort aus werden die Schriftarten komprimiert an Ihren Browser weitergegeben und dort entpackt. Regelm\u00e4\u00dfig befindet sich dieser Server in den USA. Besuchen Sie eine unserer Seiten auf denen wir Google Fonts einbinden, wird an Google \u00fcbermittelt, welche unserer Internetseiten Sie besucht haben.<\/p>\n\n\n\n<p>Dienstanbieter: Google Inc., 1600 Amphitheatre Parkway, Mountain View, CA 94043, USA<br>Sitz in der EU: Google Ireland Limited, Gordon House, Barrow Street, Dublin 4, Irland<br>Internetseite: <a href=\"https:\/\/fonts.google.com\/\" target=\"_blank\" rel=\"noopener\">https:\/\/fonts.google.com\/<\/a><br>Datenschutzerkl\u00e4rung: <a href=\"https:\/\/policies.google.com\/privacy\" target=\"_blank\" rel=\"noopener\">https:\/\/policies.google.com\/privacy<\/a><\/p>\n\n\n\n<h2 class=\"wp-block-heading\">Sicherheitsma\u00dfnahmen<\/h2>\n\n\n\n<p>Wir treffen im \u00dcbrigen technische und organisatorische Sicherheitsma\u00dfnahmen nach dem Stand der Technik, um die Vorschriften der Datenschutzgesetze einzuhalten und Ihre Daten gegen zuf\u00e4llige oder vors\u00e4tzliche Manipulationen, teilweisen oder vollst\u00e4ndigen Verlust, Zerst\u00f6rung oder gegen den unbefugten Zugriff Dritter zu sch\u00fctzen.<\/p>\n\n\n\n<h2 class=\"wp-block-heading\">Aktualit\u00e4t und \u00c4nderung dieser Datenschutzerkl\u00e4rung<\/h2>\n\n\n\n<p>Diese Datenschutzerkl\u00e4rung ist aktuell g\u00fcltig und hat den Stand April 2022. Aufgrund ge\u00e4nderter gesetzlicher bzw. beh\u00f6rdlicher Vorgaben kann es notwendig werden, diese Datenschutzerkl\u00e4rung anzupassen.<\/p>\n\n\n\n<p><strong>Diese Datenschutzerkl\u00e4rung wurde mit Hilfe des Datenschutz-Generators von SOS Recht erstellt. SOS Recht ist ein Angebot der Mueller.legal Rechtsanw\u00e4lte Partnerschaft mit Sitz in Berlin.<\/strong><\/p>\n","protected":false},"excerpt":{"rendered":"<p>Mit dieser Datenschutzerkl\u00e4rung m\u00f6chten wir Sie \u00fcber Art, Umfang und Zweck der Verarbeitung von personenbezogenen Daten (im Folgenden auch nur als &#8222;Daten&#8220; bezeichnet) aufkl\u00e4ren. Personenbezogene Daten sind alle Daten, die einen pers\u00f6nlichen Bezug zu Ihnen aufweisen, z. B. Name, Adresse, E-Mail-Adresse oder Ihr Nutzerverhalten. Die Datenschutzerkl\u00e4rung gilt f\u00fcr alle von uns vorgenommene Daten-Verarbeitungsvorg\u00e4nge sowohl im&hellip;<\/p>\n<a class=\"read-more-link\" href=\" https:\/\/frauke-kuhlus.de\/index.php\/datenschutzerklaerung\/ \">Read More<\/a>","protected":false},"author":1,"featured_media":0,"parent":0,"menu_order":0,"comment_status":"closed","ping_status":"closed","template":"","meta":{"_acf_changed":false,"_et_pb_use_builder":"off","_et_pb_old_content":"","_et_gb_content_width":"","inline_featured_image":false,"jetpack_post_was_ever_published":false,"footnotes":""},"class_list":["post-1562","page","type-page","status-publish","hentry","no-featured-image"],"acf":[],"jetpack_sharing_enabled":true,"_links":{"self":[{"href":"https:\/\/frauke-kuhlus.de\/index.php\/wp-json\/wp\/v2\/pages\/1562","targetHints":{"allow":["GET"]}}],"collection":[{"href":"https:\/\/frauke-kuhlus.de\/index.php\/wp-json\/wp\/v2\/pages"}],"about":[{"href":"https:\/\/frauke-kuhlus.de\/index.php\/wp-json\/wp\/v2\/types\/page"}],"author":[{"embeddable":true,"href":"https:\/\/frauke-kuhlus.de\/index.php\/wp-json\/wp\/v2\/users\/1"}],"replies":[{"embeddable":true,"href":"https:\/\/frauke-kuhlus.de\/index.php\/wp-json\/wp\/v2\/comments?post=1562"}],"version-history":[{"count":3,"href":"https:\/\/frauke-kuhlus.de\/index.php\/wp-json\/wp\/v2\/pages\/1562\/revisions"}],"predecessor-version":[{"id":1566,"href":"https:\/\/frauke-kuhlus.de\/index.php\/wp-json\/wp\/v2\/pages\/1562\/revisions\/1566"}],"wp:attachment":[{"href":"https:\/\/frauke-kuhlus.de\/index.php\/wp-json\/wp\/v2\/media?parent=1562"}],"curies":[{"name":"wp","href":"https:\/\/api.w.org\/{rel}","templated":true}]}}